{"id":4954,"date":"2025-05-14T12:05:51","date_gmt":"2025-05-14T16:05:51","guid":{"rendered":"https:\/\/www.energipr.com\/career\/charge-de-relations-publiques\/"},"modified":"2025-05-14T12:36:26","modified_gmt":"2025-05-14T16:36:26","slug":"charge-de-relations-publiques","status":"publish","type":"career","link":"https:\/\/www.energipr.com\/fr\/carrieres\/charge-de-relations-publiques\/","title":{"rendered":"Charg\u00e9 de relations publiques"},"content":{"rendered":"","protected":false},"excerpt":{"rendered":"<p>Vous \u00eates un professionnel des relations publiques strat\u00e9gique et cr\u00e9atif, passionn\u00e9 par la sant\u00e9 et le lifestyle\u00a0? Vous souhaitez faire la diff\u00e9rence\u00a0? Nous recherchons un charg\u00e9 de client\u00e8le pour accompagner divers comptes dans les secteurs pharmaceutique, de la sant\u00e9 grand public et du lifestyle.<\/p>\n","protected":false},"featured_media":0,"template":"","meta":{"_acf_changed":false,"footnotes":""},"class_list":["post-4954","career","type-career","status-publish","hentry"],"acf":[],"_links":{"self":[{"href":"https:\/\/www.energipr.com\/fr\/wp-json\/wp\/v2\/career\/4954","targetHints":{"allow":["GET"]}}],"collection":[{"href":"https:\/\/www.energipr.com\/fr\/wp-json\/wp\/v2\/career"}],"about":[{"href":"https:\/\/www.energipr.com\/fr\/wp-json\/wp\/v2\/types\/career"}],"version-history":[{"count":5,"href":"https:\/\/www.energipr.com\/fr\/wp-json\/wp\/v2\/career\/4954\/revisions"}],"predecessor-version":[{"id":4973,"href":"https:\/\/www.energipr.com\/fr\/wp-json\/wp\/v2\/career\/4954\/revisions\/4973"}],"wp:attachment":[{"href":"https:\/\/www.energipr.com\/fr\/wp-json\/wp\/v2\/media?parent=4954"}],"curies":[{"name":"wp","href":"https:\/\/api.w.org\/{rel}","templated":true}]}}